{"id":2612,"date":"2025-06-12T18:47:22","date_gmt":"2025-06-12T16:47:22","guid":{"rendered":"https:\/\/407artfoundation.org\/?post_type=product&#038;p=2612"},"modified":"2025-12-04T18:02:36","modified_gmt":"2025-12-04T17:02:36","slug":"mestwo-fortitude-wojciech-ciesniewski","status":"publish","type":"product","link":"https:\/\/407artfoundation.org\/pl\/produkt\/mestwo-fortitude-wojciech-ciesniewski\/","title":{"rendered":"Wojciech Cie\u015bniewski &#8211; &#8220;M\u0119stwo &#8211; Fortitude&#8221; &#8211; 48.000 PLN"},"content":{"rendered":"<div class=\"wp-playlist wp-audio-playlist wp-playlist-light\">\n\t\t\t<div class=\"wp-playlist-current-item\"><\/div>\n\t\t<audio controls=\"controls\" preload=\"none\" width=\"778\"\n\t\t\t><\/audio>\n\t<div class=\"wp-playlist-next\"><\/div>\n\t<div class=\"wp-playlist-prev\"><\/div>\n\t<noscript>\n\t<ol>\n\t\t<li><a href='https:\/\/407artfoundation.org\/wp-content\/uploads\/2025\/06\/Mestwo-Ciesniewskiego.mp3'>M\u0119stwo Cie\u015bniewskiego<\/a><\/li>\t<\/ol>\n\t<\/noscript>\n\t<script type=\"application\/json\" class=\"wp-playlist-script\">{\"type\":\"audio\",\"tracklist\":true,\"tracknumbers\":true,\"images\":true,\"artists\":true,\"tracks\":[{\"src\":\"https:\/\/407artfoundation.org\/wp-content\/uploads\/2025\/06\/Mestwo-Ciesniewskiego.mp3\",\"type\":\"audio\/mpeg\",\"title\":\"M\\u0119stwo Cie\\u015bniewskiego\",\"caption\":\"Opis Obrazu M\\u0119stwo Wojciecha Ciesniewskiego \",\"description\":\"\\\"M\\u0119stwo Cie\\u015bniewskiego\\\".\",\"meta\":{\"artist\":\"Aron Pude\\u0142ko\",\"album\":\"Oblicza Duszy: Cnoty i Grzechy\\\"\",\"length_formatted\":\"1:08\"},\"image\":{\"src\":\"https:\/\/407artfoundation.org\/wp-includes\/images\/media\/audio.svg\",\"width\":48,\"height\":64},\"thumb\":{\"src\":\"https:\/\/407artfoundation.org\/wp-includes\/images\/media\/audio.svg\",\"width\":48,\"height\":64}}]}<\/script>\n<\/div>\n\t\n<p>Wojciech Cie\u015bniewski (1958)<\/p>\n<p>70 x 78 cm\u00a0 \/\u00a0 oil on canvas<\/p>\n<h6>Guidelines from the <a href=\"https:\/\/407artfoundation.org\/en_gb\/oblicza-duszy-wernisaz\/\">exhibition<\/a> curators and the artist &#8211; Wojciech Cie\u015bniewski to conduct your own analysis of the interpretation of sin or virtue shown in the painting<\/h6>\n<p><em>There is no feminine form of the word \u201efortitude\u201d in polish. It resists any attempt at gendered adaptation, and its apparent counterpart, &#8220;womanhood,&#8221; carries a completely different meaning. Perhaps the closest equivalent\u2014though not a feminization\u2014of &#8220;fortitude&#8221; might be &#8220;femininity.&#8221; But not the kind of femininity reduced solely to sex appeal, as captured in the lyrics of a pre-war hit: &#8220;Sex appeal is our feminine weapon (\u2026).&#8221;<\/em><\/p>\n<p><em>Femininity is indeed a formidable weapon, but it need not rely on clich<\/em><em>\u00e9<\/em><em>d, superficial tools\u2014pink, lace, or fluttering eyelashes. It wields courage, resilience, and strength, though not necessarily physical. In historical allegories, Fortitude is often personified as a woman depicted with a column, symbolizing steadfastness and unyielding resolve.<\/em><\/p>\n<pre><strong>Dr Grazyna Bastek - the main curator of the <a href=\"https:\/\/youtu.be\/E9DH8J2zkbU?si=m4Fm1W6rDE2P2zFb\">exhibition<\/a><\/strong><\/pre>\n<p class=\"DomylneA\" style=\"margin-top: 0in; line-height: normal; tab-stops: 28.0pt 56.0pt 84.0pt 112.0pt 140.0pt 168.0pt 196.0pt 224.0pt;\"><span class=\"Brak\"><i><span style=\"font-size: 11.0pt; color: #9e9e9e;\">Fortitude is, in essence, courage. Today, everyone has the right to it, regardless of gender.<\/span><\/i><\/span><i><\/i><\/p>\n<p class=\"DomylneA\" style=\"margin-top: 0in; line-height: normal; tab-stops: 28.0pt 56.0pt 84.0pt 112.0pt 140.0pt 168.0pt 196.0pt 224.0pt;\"><span class=\"Brak\"><i><span style=\"font-size: 11.0pt; color: #9e9e9e;\">Did the Artist depict a woman in the painting?<br \/>\nPerhaps. A single mother who takes on the immense responsibility of raising a child. Tremendous courage.<\/span><\/i><\/span><i><\/i><\/p>\n<p class=\"DomylneA\" style=\"margin-top: 0in; line-height: normal; tab-stops: 28.0pt 56.0pt 84.0pt 112.0pt 140.0pt 168.0pt 196.0pt 224.0pt;\"><span class=\"Brak\"><i><span style=\"font-size: 11.0pt; color: #9e9e9e;\">Did the Artist depict a man in the painting?<br \/>\nPerhaps. A father who, holding his newborn son in his arms, is unafraid to feel moved and publicly show his vulnerability. <\/span><\/i><\/span><i><\/i><\/p>\n<p class=\"DomylneA\" style=\"margin-top: 0in; line-height: normal; tab-stops: 28.0pt 56.0pt 84.0pt 112.0pt 140.0pt 168.0pt 196.0pt 224.0pt;\"><span class=\"Brak\"><i><span style=\"font-size: 11.0pt; color: #9e9e9e;\">Courage.<\/span><\/i><\/span><i><\/i><\/p>\n<pre><strong>Aron Pudelko - co-curator of the exhibition\u00a0<\/strong><\/pre>\n","protected":false},"excerpt":{"rendered":"<h3>O cyklu malarskim<\/h3>\n<p>The <a href=\"https:\/\/407artfoundation.org\/pl\/faces-of-the-soul-virtues-and-sins\/\">exhibition<\/a> \u201c<strong>\"Oblicza Duszy: Cnoty i Grzechy\"<\/strong>, initiated by the 407 Art Foundation in 2025, is an attempt to redefine concepts deeply rooted in culture &#8211; concepts that have shaped humanity\u2019s moral compass for centuries. <a href=\"https:\/\/www.ciesniewski.art\/\">Wojciech Cie\u015bniewski<\/a> takes on a bold challenge: he examines the evolution of these notions in the context of contemporary social and cultural transformations. Has what was once considered a sin become merely a personality trait today?<br \/>\nCzy cnoty, kt\u00f3re kiedy\u015b okre\u015bla\u0142y idea\u0142 cz\u0142owieka, maj\u0105 wci\u0105\u017c tak\u0105 sam\u0105 wag\u0119 w rzeczywisto\u015bci, gdzie wszystko ulega redefinicji?\t\n\nCie\u015bniewski nie daje \u0142atwych odpowiedzi. Zmusza widza do refleksji, stawia przed nim lustro, w kt\u00f3rym mo\u017ce dostrzec zar\u00f3wno siebie, jak i ca\u0142e spo\u0142ecze\u0144stwo. Jego prace balansuj\u0105 na granicy tego, co znane, i tego, co pod\u015bwiadomie odczuwane \u2013 s\u0105 emocjonalne, prowokacyjne i intelektualne.<\/p>\n<p>Watch the Exhibition opening:\u00a0<a href=\"https:\/\/youtu.be\/TW9-DNe4bkc?si=b5Be6Tj9x9-P9Xx1\">https:\/\/youtu.be\/TW9-DNe4bkc?si=b5Be6Tj9x9-P9Xx1<\/a><\/p>\n<p>Read more about the exhibition:\u00a0<a href=\"https:\/\/407artfoundation.org\/pl\/faces-of-the-soul-virtues-and-sins\/\">https:\/\/407artfoundation.org\/en_gb\/faces-of-the-soul-virtues-and-sins\/<\/a><\/p>\n<h3>Wojciech Cie\u015bniewski (1958)<\/h3>\n<p>Artysta malarz, profesor sztuki. \nUrodzi\u0142 si\u0119 w 1958 r. w Dzia\u0142dowie. Pocz\u0105tkowo fascynowa\u0142 si\u0119 matematyk\u0105 teoretyczn\u0105, kt\u00f3r\u0105 studiowa\u0142, uzyskuj\u0105c tytu\u0142 magistra w Wy\u017cszej Szkole Pedagogicznej w Olsztynie w 1984 roku. W trakcie studi\u00f3w odkry\u0142, \u017ce j\u0119zyk znak\u00f3w matematycznych nie pozwala mu wyra\u017ca\u0107 emocji.<\/p>\n<p>W 1983 roku rozpocz\u0105\u0142 studia na Wydziale Malarstwa Akademii Sztuk Pi\u0119knych w Warszawie. W 1988 roku uzyska\u0142 dyplom z wyr\u00f3\u017cnieniem w pracowni prof. Rajmunda Ziemskiego. Od 1990 roku jest pracownikiem tej uczelni. W latach 2005-2012 pe\u0142ni\u0142 funkcj\u0119 prodziekana Wydzia\u0142u Malarstwa. Obecnie prowadzi w\u0142asn\u0105 pracowni\u0119 dyplomuj\u0105c\u0105.<\/p>\n<p>Cie\u015bniewski jest jednym z wa\u017cniejszych polskich malarzy wsp\u00f3\u0142czesnych o du\u017cym dorobku artystycznym i intelektualnym. Przez pierwsze dwadzie\u015bcia lat w centrum jego tw\u00f3rczo\u015bci by\u0142o zagadnienie abstrakcji, bada\u0142 mo\u017cliwo\u015bci usamodzielnienia wymowy i dzia\u0142ania obraz\u00f3w. W kolejnych latach pracy wr\u00f3ci\u0142 do malarstwa figuratywnego. Podejmowa\u0142 dialog z tradycj\u0105 europejskiego malarstwa nowo\u017cytnego, nawi\u0105zuj\u0105c m.in. do tw\u00f3rczo\u015bci Caravaggia, Giotta, Micha\u0142a Anio\u0142a, Gian Lorenza Berniniego, Vermeera.<\/p>\n<p>Z czasem coraz cz\u0119\u015bciej zacz\u0105\u0142 dotyka\u0107 problem\u00f3w etycznych, szeroko poj\u0119tych zagadnie\u0144 dobra i z\u0142a w \u017cyciu cz\u0142owieka, jednocze\u015bnie badaj\u0105c funkcj\u0119 sztuki jako no\u015bnika dobra i pi\u0119kna. W swojej tw\u00f3rczo\u015bci cz\u0119sto si\u0119ga po w\u0105tki z Biblii, mitologii, ikonografii chrze\u015bcija\u0144skiej i historii.<\/p>\n<p>Wojciech Cie\u015bniewski jest laureatem wielu nagr\u00f3d i wyr\u00f3\u017cnie\u0144, m.in.: Special Merit Award 2nd Malaysia International Art  Miasta Dzia\u0142dowo (2012) oraz Medalu \u201eZas\u0142u\u017cony Kulturze Gloria Artis\u201d (2011). Jego tw\u00f3rczo\u015b\u0107 prezentowana by\u0142a na ponad 150 wystawach indywidualnych i zbiorowych, zar\u00f3wno w kraju, jak i zagranic\u0105.<\/p>","protected":false},"featured_media":2613,"comment_status":"open","ping_status":"closed","template":"","meta":{"give_campaign_id":0},"product_brand":[],"product_cat":[91],"product_tag":[166,167,176,165,175,164],"class_list":{"0":"post-2612","1":"product","2":"type-product","3":"status-publish","4":"has-post-thumbnail","6":"product_cat-oblicza-duszy","7":"product_tag-kolekcjasztuki","8":"product_tag-kolekcjonerzy","9":"product_tag-mestwo","10":"product_tag-obraz","11":"product_tag-obrazdokupna","12":"product_tag-wojciechciesniewski","14":"first","15":"instock","16":"shipping-taxable","17":"purchasable","18":"product-type-simple"},"yoast_head":"<!-- This site is optimized with the Yoast SEO plugin v27.5 - https:\/\/yoast.com\/product\/yoast-seo-wordpress\/ -->\n<title>Wojciech Cie\u015bniewski - &quot;M\u0119stwo - Fortitude&quot; - 48.000 PLN - 407artfoundation.org<\/title>\n<meta name=\"description\" content=\"Obraz z najnowszego cyklu malaraskiego &quot;Oblicza Duszy: Cnoty i Grzechy&quot;. Wojciech Cie\u015bniewski i premiera wystawy 2025 w ramach &quot;Sztuka na Z\u0142otej 44&quot;\" \/>\n<meta name=\"robots\" content=\"index, follow, max-snippet:-1, max-image-preview:large, max-video-preview:-1\" \/>\n<link rel=\"canonical\" href=\"https:\/\/407artfoundation.org\/pl\/produkt\/mestwo-fortitude-wojciech-ciesniewski\/\" \/>\n<meta property=\"og:locale\" content=\"pl_PL\" \/>\n<meta property=\"og:type\" content=\"article\" \/>\n<meta property=\"og:title\" content=\"Wojciech Cie\u015bniewski - &quot;M\u0119stwo - Fortitude&quot; - 48.000 PLN - 407artfoundation.org\" \/>\n<meta property=\"og:description\" content=\"Obraz z najnowszego cyklu malaraskiego &quot;Oblicza Duszy: Cnoty i Grzechy&quot;. Wojciech Cie\u015bniewski i premiera wystawy 2025 w ramach &quot;Sztuka na Z\u0142otej 44&quot;\" \/>\n<meta property=\"og:url\" content=\"https:\/\/407artfoundation.org\/pl\/produkt\/mestwo-fortitude-wojciech-ciesniewski\/\" \/>\n<meta property=\"og:site_name\" content=\"407artfoundation.org\" \/>\n<meta property=\"article:modified_time\" content=\"2025-12-04T17:02:36+00:00\" \/>\n<meta property=\"og:image\" content=\"http:\/\/407artfoundation.org\/wp-content\/uploads\/2025\/06\/Mestwo.jpg\" \/>\n\t<meta property=\"og:image:width\" content=\"1217\" \/>\n\t<meta property=\"og:image:height\" content=\"1109\" \/>\n\t<meta property=\"og:image:type\" content=\"image\/jpeg\" \/>\n<meta name=\"twitter:card\" content=\"summary_large_image\" \/>\n<meta name=\"twitter:label1\" content=\"Szacowany czas czytania\" \/>\n\t<meta name=\"twitter:data1\" content=\"2 minuty\" \/>\n<script type=\"application\/ld+json\" class=\"yoast-schema-graph\">{\"@context\":\"https:\\\/\\\/schema.org\",\"@graph\":[{\"@type\":\"WebPage\",\"@id\":\"https:\\\/\\\/407artfoundation.org\\\/product\\\/mestwo-fortitude-wojciech-ciesniewski\\\/\",\"url\":\"https:\\\/\\\/407artfoundation.org\\\/product\\\/mestwo-fortitude-wojciech-ciesniewski\\\/\",\"name\":\"Wojciech Cie\u015bniewski - \\\"M\u0119stwo - Fortitude\\\" - 48.000 PLN - 407artfoundation.org\",\"isPartOf\":{\"@id\":\"https:\\\/\\\/407artfoundation.org\\\/#website\"},\"primaryImageOfPage\":{\"@id\":\"https:\\\/\\\/407artfoundation.org\\\/product\\\/mestwo-fortitude-wojciech-ciesniewski\\\/#primaryimage\"},\"image\":{\"@id\":\"https:\\\/\\\/407artfoundation.org\\\/product\\\/mestwo-fortitude-wojciech-ciesniewski\\\/#primaryimage\"},\"thumbnailUrl\":\"https:\\\/\\\/407artfoundation.org\\\/wp-content\\\/uploads\\\/2025\\\/06\\\/Mestwo.jpg\",\"datePublished\":\"2025-06-12T16:47:22+00:00\",\"dateModified\":\"2025-12-04T17:02:36+00:00\",\"description\":\"Obraz z najnowszego cyklu malaraskiego \\\"Oblicza Duszy: Cnoty i Grzechy\\\". Wojciech Cie\u015bniewski i premiera wystawy 2025 w ramach \\\"Sztuka na Z\u0142otej 44\\\"\",\"breadcrumb\":{\"@id\":\"https:\\\/\\\/407artfoundation.org\\\/product\\\/mestwo-fortitude-wojciech-ciesniewski\\\/#breadcrumb\"},\"inLanguage\":\"pl-PL\",\"potentialAction\":[{\"@type\":\"ReadAction\",\"target\":[\"https:\\\/\\\/407artfoundation.org\\\/product\\\/mestwo-fortitude-wojciech-ciesniewski\\\/\"]}]},{\"@type\":\"ImageObject\",\"inLanguage\":\"pl-PL\",\"@id\":\"https:\\\/\\\/407artfoundation.org\\\/product\\\/mestwo-fortitude-wojciech-ciesniewski\\\/#primaryimage\",\"url\":\"https:\\\/\\\/407artfoundation.org\\\/wp-content\\\/uploads\\\/2025\\\/06\\\/Mestwo.jpg\",\"contentUrl\":\"https:\\\/\\\/407artfoundation.org\\\/wp-content\\\/uploads\\\/2025\\\/06\\\/Mestwo.jpg\",\"width\":1217,\"height\":1109,\"caption\":\"M\u0119stwo\"},{\"@type\":\"BreadcrumbList\",\"@id\":\"https:\\\/\\\/407artfoundation.org\\\/product\\\/mestwo-fortitude-wojciech-ciesniewski\\\/#breadcrumb\",\"itemListElement\":[{\"@type\":\"ListItem\",\"position\":1,\"name\":\"Home\",\"item\":\"https:\\\/\\\/407artfoundation.org\\\/\"},{\"@type\":\"ListItem\",\"position\":2,\"name\":\"Shop\",\"item\":\"https:\\\/\\\/407artfoundation.org\\\/shop\\\/\"},{\"@type\":\"ListItem\",\"position\":3,\"name\":\"Wojciech Cie\u015bniewski &#8211; &#8220;M\u0119stwo &#8211; Fortitude&#8221; &#8211; 48.000 PLN\"}]},{\"@type\":\"WebSite\",\"@id\":\"https:\\\/\\\/407artfoundation.org\\\/#website\",\"url\":\"https:\\\/\\\/407artfoundation.org\\\/\",\"name\":\"407artfoundation.org\",\"description\":\"Promujemy polsk\u0105 sztuk\u0119 i kultur\u0119. \u0141\u0105czymy artyst\u00f3w z kolekcjonerami. Pomagamy budowa\u0107 warto\u015bciowe kolekcje sztuki. Organizujemy wyj\u0105tkowe wystawy w ramach cyklu &quot;Sztuka na Z\u0142otej44&quot;. Wspieramy inne organizacje i instytucje dzia\u0142aj\u0105ce na rzecz szerzenia kultury.\",\"potentialAction\":[{\"@type\":\"SearchAction\",\"target\":{\"@type\":\"EntryPoint\",\"urlTemplate\":\"https:\\\/\\\/407artfoundation.org\\\/?s={search_term_string}\"},\"query-input\":{\"@type\":\"PropertyValueSpecification\",\"valueRequired\":true,\"valueName\":\"search_term_string\"}}],\"inLanguage\":\"pl-PL\"}]}<\/script>\n<!-- \/ Yoast SEO plugin. -->","yoast_head_json":{"title":"Wojciech Cie\u015bniewski - \"M\u0119stwo - Fortitude\" - 48.000 PLN - 407artfoundation.org","description":"Obraz z najnowszego cyklu malaraskiego \"Oblicza Duszy: Cnoty i Grzechy\". Wojciech Cie\u015bniewski i premiera wystawy 2025 w ramach \"Sztuka na Z\u0142otej 44\"","robots":{"index":"index","follow":"follow","max-snippet":"max-snippet:-1","max-image-preview":"max-image-preview:large","max-video-preview":"max-video-preview:-1"},"canonical":"https:\/\/407artfoundation.org\/pl\/produkt\/mestwo-fortitude-wojciech-ciesniewski\/","og_locale":"pl_PL","og_type":"article","og_title":"Wojciech Cie\u015bniewski - \"M\u0119stwo - Fortitude\" - 48.000 PLN - 407artfoundation.org","og_description":"Obraz z najnowszego cyklu malaraskiego \"Oblicza Duszy: Cnoty i Grzechy\". Wojciech Cie\u015bniewski i premiera wystawy 2025 w ramach \"Sztuka na Z\u0142otej 44\"","og_url":"https:\/\/407artfoundation.org\/pl\/produkt\/mestwo-fortitude-wojciech-ciesniewski\/","og_site_name":"407artfoundation.org","article_modified_time":"2025-12-04T17:02:36+00:00","og_image":[{"width":1217,"height":1109,"url":"http:\/\/407artfoundation.org\/wp-content\/uploads\/2025\/06\/Mestwo.jpg","type":"image\/jpeg"}],"twitter_card":"summary_large_image","twitter_misc":{"Szacowany czas czytania":"2 minuty"},"schema":{"@context":"https:\/\/schema.org","@graph":[{"@type":"WebPage","@id":"https:\/\/407artfoundation.org\/product\/mestwo-fortitude-wojciech-ciesniewski\/","url":"https:\/\/407artfoundation.org\/product\/mestwo-fortitude-wojciech-ciesniewski\/","name":"Wojciech Cie\u015bniewski - \"M\u0119stwo - Fortitude\" - 48.000 PLN - 407artfoundation.org","isPartOf":{"@id":"https:\/\/407artfoundation.org\/#website"},"primaryImageOfPage":{"@id":"https:\/\/407artfoundation.org\/product\/mestwo-fortitude-wojciech-ciesniewski\/#primaryimage"},"image":{"@id":"https:\/\/407artfoundation.org\/product\/mestwo-fortitude-wojciech-ciesniewski\/#primaryimage"},"thumbnailUrl":"https:\/\/407artfoundation.org\/wp-content\/uploads\/2025\/06\/Mestwo.jpg","datePublished":"2025-06-12T16:47:22+00:00","dateModified":"2025-12-04T17:02:36+00:00","description":"Obraz z najnowszego cyklu malaraskiego \"Oblicza Duszy: Cnoty i Grzechy\". Wojciech Cie\u015bniewski i premiera wystawy 2025 w ramach \"Sztuka na Z\u0142otej 44\"","breadcrumb":{"@id":"https:\/\/407artfoundation.org\/product\/mestwo-fortitude-wojciech-ciesniewski\/#breadcrumb"},"inLanguage":"pl-PL","potentialAction":[{"@type":"ReadAction","target":["https:\/\/407artfoundation.org\/product\/mestwo-fortitude-wojciech-ciesniewski\/"]}]},{"@type":"ImageObject","inLanguage":"pl-PL","@id":"https:\/\/407artfoundation.org\/product\/mestwo-fortitude-wojciech-ciesniewski\/#primaryimage","url":"https:\/\/407artfoundation.org\/wp-content\/uploads\/2025\/06\/Mestwo.jpg","contentUrl":"https:\/\/407artfoundation.org\/wp-content\/uploads\/2025\/06\/Mestwo.jpg","width":1217,"height":1109,"caption":"M\u0119stwo"},{"@type":"BreadcrumbList","@id":"https:\/\/407artfoundation.org\/product\/mestwo-fortitude-wojciech-ciesniewski\/#breadcrumb","itemListElement":[{"@type":"ListItem","position":1,"name":"Home","item":"https:\/\/407artfoundation.org\/"},{"@type":"ListItem","position":2,"name":"Shop","item":"https:\/\/407artfoundation.org\/shop\/"},{"@type":"ListItem","position":3,"name":"Wojciech Cie\u015bniewski &#8211; &#8220;M\u0119stwo &#8211; Fortitude&#8221; &#8211; 48.000 PLN"}]},{"@type":"WebSite","@id":"https:\/\/407artfoundation.org\/#website","url":"https:\/\/407artfoundation.org\/","name":"407artfoundation.org","description":"Promujemy polsk\u0105 sztuk\u0119 i kultur\u0119. \u0141\u0105czymy artyst\u00f3w z kolekcjonerami. Pomagamy budowa\u0107 warto\u015bciowe kolekcje sztuki. Organizujemy wyj\u0105tkowe wystawy w ramach cyklu &quot;Sztuka na Z\u0142otej44&quot;. Wspieramy inne organizacje i instytucje dzia\u0142aj\u0105ce na rzecz szerzenia kultury.","potentialAction":[{"@type":"SearchAction","target":{"@type":"EntryPoint","urlTemplate":"https:\/\/407artfoundation.org\/?s={search_term_string}"},"query-input":{"@type":"PropertyValueSpecification","valueRequired":true,"valueName":"search_term_string"}}],"inLanguage":"pl-PL"}]}},"_links":{"self":[{"href":"https:\/\/407artfoundation.org\/pl\/wp-json\/wp\/v2\/product\/2612","targetHints":{"allow":["GET"]}}],"collection":[{"href":"https:\/\/407artfoundation.org\/pl\/wp-json\/wp\/v2\/product"}],"about":[{"href":"https:\/\/407artfoundation.org\/pl\/wp-json\/wp\/v2\/types\/product"}],"replies":[{"embeddable":true,"href":"https:\/\/407artfoundation.org\/pl\/wp-json\/wp\/v2\/comments?post=2612"}],"wp:featuredmedia":[{"embeddable":true,"href":"https:\/\/407artfoundation.org\/pl\/wp-json\/wp\/v2\/media\/2613"}],"wp:attachment":[{"href":"https:\/\/407artfoundation.org\/pl\/wp-json\/wp\/v2\/media?parent=2612"}],"wp:term":[{"taxonomy":"product_brand","embeddable":true,"href":"https:\/\/407artfoundation.org\/pl\/wp-json\/wp\/v2\/product_brand?post=2612"},{"taxonomy":"product_cat","embeddable":true,"href":"https:\/\/407artfoundation.org\/pl\/wp-json\/wp\/v2\/product_cat?post=2612"},{"taxonomy":"product_tag","embeddable":true,"href":"https:\/\/407artfoundation.org\/pl\/wp-json\/wp\/v2\/product_tag?post=2612"}],"curies":[{"name":"wp","href":"https:\/\/api.w.org\/{rel}","templated":true}]}}