{"id":2609,"date":"2025-06-12T18:37:12","date_gmt":"2025-06-12T16:37:12","guid":{"rendered":"https:\/\/407artfoundation.org\/?post_type=product&#038;p=2609"},"modified":"2025-09-22T11:21:00","modified_gmt":"2025-09-22T09:21:00","slug":"umiarkowanie-temoperance-wojciech-ciesniewski","status":"publish","type":"product","link":"https:\/\/407artfoundation.org\/pl\/produkt\/umiarkowanie-temoperance-wojciech-ciesniewski\/","title":{"rendered":"Wojciech Cie\u015bniewski &#8211; &#8220;Umiarkowanie&#8221; &#8211; 58.000 PLN"},"content":{"rendered":"<p>Wojciech Cie\u015bniewski (1958)<\/p>\n<p>200 x 80 cm\u00a0 \/\u00a0 oil on canvas \/Exhibition: <a href=\"https:\/\/407artfoundation.org\/pl\/oblicza-duszy-cnoty-i-grzechy-wystawa-wojciecha-ciesniewskiego\/\">Faces of the Soul: Virtues &amp; Sins<\/a><\/p>\n<h6>Guidelines from the<a href=\"https:\/\/youtu.be\/TW9-DNe4bkc?si=SLnr0_FsjNDnRkQp\"> exhibition<\/a> curators and the artist <a href=\"https:\/\/wm.asp.waw.pl\/zespol\/prof-wojciech-ciesniewski\/\">Wojciech Cie\u015bniewski<\/a> to conduct your own analysis of the interpretation of sin or virtue shown in the painting<\/h6>\n<p><em>Na obrazie widzimy wewn\u0119trzn\u0105 walk\u0119 o zachowanie umiaru, po\u017c\u0105danie nad kt\u00f3rym osoba pr\u00f3buje zapanowa\u0107. Wi\u0119kszo\u015b\u0107 twarzy jest \u015bwiadoma, czysta, pi\u0119kna, jednak zielone oko - to metafora pokusy przekroczenia granicy.<\/em><\/p>\n<p><em>In today<\/em>\u2019<em>Dzi\u015b, w \u015bwiecie nadmiaru i nieograniczonego dost\u0119pu - cnota umiaru pozostaje aktualna. A mo\u017ce nawet zyskuje na warto\u015bci.<\/em><\/p>\n<pre><strong>Wojciech Cie\u015bniewski - artysta \r\n\r\n<\/strong><\/pre>\n<h3>O cyklu malarskim<\/h3>\n<p>Wystawa <a href=\"https:\/\/407artfoundation.org\/pl\/oblicza-duszy-cnoty-i-grzechy-wystawa-wojciecha-ciesniewskiego\/\">\u201c<strong>\"Oblicza Duszy: Cnoty i Grzechy\"<\/strong><\/a>zainicjowana przez Fundacj\u0119 407 Art Foundation to pr\u00f3ba redefinicji poj\u0119\u0107 zakorzenionych w kulturze, kt\u00f3re przez wieki wyznacza\u0142y moralny kompas ludzko\u015bci. \n\nWojciech Cie\u015bniewski, podejmuje \u015bmia\u0142e wyzwanie: analizuje ewolucj\u0119 tych poj\u0119\u0107 w kontek\u015bcie wsp\u00f3\u0142czesnych zmian spo\u0142ecznych i kulturowych. \n\nCzy to, co dawniej postrzegano jako grzech, nie sta\u0142o si\u0119 dzi\u015b po prostu cech\u0105 osobowo\u015bci?<\/p>\n<p>Czy cnoty, kt\u00f3re kiedy\u015b okre\u015bla\u0142y idea\u0142 cz\u0142owieka, maj\u0105 wci\u0105\u017c tak\u0105 sam\u0105 wag\u0119 w rzeczywisto\u015bci, gdzie wszystko ulega redefinicji?\t\n\nCie\u015bniewski nie daje \u0142atwych odpowiedzi. Zmusza widza do refleksji, stawia przed nim lustro, w kt\u00f3rym mo\u017ce dostrzec zar\u00f3wno siebie, jak i ca\u0142e spo\u0142ecze\u0144stwo. Jego prace balansuj\u0105 na granicy tego, co znane, i tego, co pod\u015bwiadomie odczuwane \u2013 s\u0105 emocjonalne, prowokacyjne i intelektualne.<\/p>\n<p>Wystawa nie tylko celebruje tw\u00f3rczo\u015b\u0107 Wojciecha Cie\u015bniewskiego, ale r\u00f3wnie\u017c inicjuje dialog z widzem na temat warto\u015bci i kondycji cz\u0142owieka we wsp\u00f3\u0142czesnym \u015bwiecie. Ka\u017cde dzie\u0142o jest wiwisekcj\u0105 ludzkiej natury, kt\u00f3ra wykracza poza proste moralizatorstwo. To podr\u00f3\u017c, kt\u00f3ra otwiera nowe mo\u017cliwo\u015bci interpretacji.\u00a0Prze\u017cyj razem z nami niezapomniane spotkanie z malarstwem Wojciecha Cie\u015bniewskiego. Zatrzymaj si\u0119, spojrzyj g\u0142\u0119biej \u2013 mo\u017ce to w\u0142a\u015bnie ta wystawa pozwoli Ci lepiej zrozumie\u0107 siebie i otaczaj\u0105cy \u015bwiat.<\/p>\n<pre><strong>\u00a0<\/strong><\/pre>","protected":false},"excerpt":{"rendered":"<h3>O cyklu malarskim<\/h3>\n<p>Wystawa <a href=\"https:\/\/407artfoundation.org\/pl\/oblicza-duszy-cnoty-i-grzechy-wystawa-wojciecha-ciesniewskiego\/\">\u201c<strong>\"Oblicza Duszy: Cnoty i Grzechy\"<\/strong><\/a>zainicjowana przez Fundacj\u0119 407 Art Foundation to pr\u00f3ba redefinicji poj\u0119\u0107 zakorzenionych w kulturze, kt\u00f3re przez wieki wyznacza\u0142y moralny kompas ludzko\u015bci. \n\nWojciech Cie\u015bniewski, podejmuje \u015bmia\u0142e wyzwanie: analizuje ewolucj\u0119 tych poj\u0119\u0107 w kontek\u015bcie wsp\u00f3\u0142czesnych zmian spo\u0142ecznych i kulturowych. \n\nCzy to, co dawniej postrzegano jako grzech, nie sta\u0142o si\u0119 dzi\u015b po prostu cech\u0105 osobowo\u015bci?<br \/>\nCzy cnoty, kt\u00f3re kiedy\u015b okre\u015bla\u0142y idea\u0142 cz\u0142owieka, maj\u0105 wci\u0105\u017c tak\u0105 sam\u0105 wag\u0119 w rzeczywisto\u015bci, gdzie wszystko ulega redefinicji?\t\n\nCie\u015bniewski nie daje \u0142atwych odpowiedzi. Zmusza widza do refleksji, stawia przed nim lustro, w kt\u00f3rym mo\u017ce dostrzec zar\u00f3wno siebie, jak i ca\u0142e spo\u0142ecze\u0144stwo. Jego prace balansuj\u0105 na granicy tego, co znane, i tego, co pod\u015bwiadomie odczuwane \u2013 s\u0105 emocjonalne, prowokacyjne i intelektualne.<\/p>\n<h3>Wojciech Cie\u015bniewski (1958)<\/h3>\n<p>Artysta malarz, profesor sztuki. \nUrodzi\u0142 si\u0119 w 1958 r. w Dzia\u0142dowie. Pocz\u0105tkowo fascynowa\u0142 si\u0119 matematyk\u0105 teoretyczn\u0105, kt\u00f3r\u0105 studiowa\u0142, uzyskuj\u0105c tytu\u0142 magistra w Wy\u017cszej Szkole Pedagogicznej w Olsztynie w 1984 roku. W trakcie studi\u00f3w odkry\u0142, \u017ce j\u0119zyk znak\u00f3w matematycznych nie pozwala mu wyra\u017ca\u0107 emocji.<\/p>\n<p>W 1983 roku rozpocz\u0105\u0142 studia na Wydziale Malarstwa Akademii Sztuk Pi\u0119knych w Warszawie. W 1988 roku uzyska\u0142 dyplom z wyr\u00f3\u017cnieniem w pracowni prof. Rajmunda Ziemskiego. Od 1990 roku jest pracownikiem tej uczelni. W latach 2005-2012 pe\u0142ni\u0142 funkcj\u0119 prodziekana Wydzia\u0142u Malarstwa. Obecnie prowadzi w\u0142asn\u0105 pracowni\u0119 dyplomuj\u0105c\u0105.<\/p>\n<p>Cie\u015bniewski jest jednym z wa\u017cniejszych polskich malarzy wsp\u00f3\u0142czesnych o du\u017cym dorobku artystycznym i intelektualnym. Przez pierwsze dwadzie\u015bcia lat w centrum jego tw\u00f3rczo\u015bci by\u0142o zagadnienie abstrakcji, bada\u0142 mo\u017cliwo\u015bci usamodzielnienia wymowy i dzia\u0142ania obraz\u00f3w. W kolejnych latach pracy wr\u00f3ci\u0142 do malarstwa figuratywnego. Podejmowa\u0142 dialog z tradycj\u0105 europejskiego malarstwa nowo\u017cytnego, nawi\u0105zuj\u0105c m.in. do tw\u00f3rczo\u015bci Caravaggia, Giotta, Micha\u0142a Anio\u0142a, Gian Lorenza Berniniego, Vermeera.<\/p>\n<p>Z czasem coraz cz\u0119\u015bciej zacz\u0105\u0142 dotyka\u0107 problem\u00f3w etycznych, szeroko poj\u0119tych zagadnie\u0144 dobra i z\u0142a w \u017cyciu cz\u0142owieka, jednocze\u015bnie badaj\u0105c funkcj\u0119 sztuki jako no\u015bnika dobra i pi\u0119kna. W swojej tw\u00f3rczo\u015bci cz\u0119sto si\u0119ga po w\u0105tki z Biblii, mitologii, ikonografii chrze\u015bcija\u0144skiej i historii.<\/p>\n<p>Wojciech Cie\u015bniewski jest laureatem wielu nagr\u00f3d i wyr\u00f3\u017cnie\u0144, m.in.: Special Merit Award 2nd Malaysia International Art  Miasta Dzia\u0142dowo (2012) oraz Medalu \u201eZas\u0142u\u017cony Kulturze Gloria Artis\u201d (2011). Jego tw\u00f3rczo\u015b\u0107 prezentowana by\u0142a na ponad 150 wystawach indywidualnych i zbiorowych, zar\u00f3wno w kraju, jak i zagranic\u0105.<\/p>","protected":false},"featured_media":2610,"comment_status":"open","ping_status":"closed","template":"","meta":{"give_campaign_id":0},"product_brand":[],"product_cat":[91],"product_tag":[166,167,165,192],"class_list":{"0":"post-2609","1":"product","2":"type-product","3":"status-publish","4":"has-post-thumbnail","6":"product_cat-oblicza-duszy","7":"product_tag-kolekcjasztuki","8":"product_tag-kolekcjonerzy","9":"product_tag-obraz","10":"product_tag-wojciechciesniewski-407artfoundation","12":"first","13":"instock","14":"shipping-taxable","15":"purchasable","16":"product-type-simple"},"yoast_head":"<!-- This site is optimized with the Yoast SEO plugin v27.5 - https:\/\/yoast.com\/product\/yoast-seo-wordpress\/ -->\n<title>Wojciech Cie\u015bniewski - &quot;Umiarkowanie&quot; - 58.000 PLN - 407artfoundation.org<\/title>\n<meta name=\"description\" content=\"Obraz wchodz\u0105cy w sk\u0142ad wyj\u0105tkowej kolekcji nowego cyklu malarskiego &quot;Oblicza Duszy: Cnoty i Grzechy&quot;. Wojciech Cie\u015bniewski przedstawia swoj\u0105 narracj\u0119.\" \/>\n<meta name=\"robots\" content=\"index, follow, max-snippet:-1, max-image-preview:large, max-video-preview:-1\" \/>\n<link rel=\"canonical\" href=\"https:\/\/407artfoundation.org\/pl\/produkt\/umiarkowanie-temoperance-wojciech-ciesniewski\/\" \/>\n<meta property=\"og:locale\" content=\"pl_PL\" \/>\n<meta property=\"og:type\" content=\"article\" \/>\n<meta property=\"og:title\" content=\"Wojciech Cie\u015bniewski - &quot;Umiarkowanie&quot; - 58.000 PLN - 407artfoundation.org\" \/>\n<meta property=\"og:description\" content=\"Obraz wchodz\u0105cy w sk\u0142ad wyj\u0105tkowej kolekcji nowego cyklu malarskiego &quot;Oblicza Duszy: Cnoty i Grzechy&quot;. Wojciech Cie\u015bniewski przedstawia swoj\u0105 narracj\u0119.\" \/>\n<meta property=\"og:url\" content=\"https:\/\/407artfoundation.org\/pl\/produkt\/umiarkowanie-temoperance-wojciech-ciesniewski\/\" \/>\n<meta property=\"og:site_name\" content=\"407artfoundation.org\" \/>\n<meta property=\"article:modified_time\" content=\"2025-09-22T09:21:00+00:00\" \/>\n<meta property=\"og:image\" content=\"http:\/\/407artfoundation.org\/wp-content\/uploads\/2025\/06\/OUMIARZE.jpg\" \/>\n\t<meta property=\"og:image:width\" content=\"512\" \/>\n\t<meta property=\"og:image:height\" content=\"1214\" \/>\n\t<meta property=\"og:image:type\" content=\"image\/jpeg\" \/>\n<meta name=\"twitter:card\" content=\"summary_large_image\" \/>\n<meta name=\"twitter:label1\" content=\"Szacowany czas czytania\" \/>\n\t<meta name=\"twitter:data1\" content=\"2 minuty\" \/>\n<script type=\"application\/ld+json\" class=\"yoast-schema-graph\">{\"@context\":\"https:\\\/\\\/schema.org\",\"@graph\":[{\"@type\":\"WebPage\",\"@id\":\"https:\\\/\\\/407artfoundation.org\\\/product\\\/umiarkowanie-temoperance-wojciech-ciesniewski\\\/\",\"url\":\"https:\\\/\\\/407artfoundation.org\\\/product\\\/umiarkowanie-temoperance-wojciech-ciesniewski\\\/\",\"name\":\"Wojciech Cie\u015bniewski - \\\"Umiarkowanie\\\" - 58.000 PLN - 407artfoundation.org\",\"isPartOf\":{\"@id\":\"https:\\\/\\\/407artfoundation.org\\\/#website\"},\"primaryImageOfPage\":{\"@id\":\"https:\\\/\\\/407artfoundation.org\\\/product\\\/umiarkowanie-temoperance-wojciech-ciesniewski\\\/#primaryimage\"},\"image\":{\"@id\":\"https:\\\/\\\/407artfoundation.org\\\/product\\\/umiarkowanie-temoperance-wojciech-ciesniewski\\\/#primaryimage\"},\"thumbnailUrl\":\"https:\\\/\\\/407artfoundation.org\\\/wp-content\\\/uploads\\\/2025\\\/06\\\/OUMIARZE.jpg\",\"datePublished\":\"2025-06-12T16:37:12+00:00\",\"dateModified\":\"2025-09-22T09:21:00+00:00\",\"description\":\"Obraz wchodz\u0105cy w sk\u0142ad wyj\u0105tkowej kolekcji nowego cyklu malarskiego \\\"Oblicza Duszy: Cnoty i Grzechy\\\". Wojciech Cie\u015bniewski przedstawia swoj\u0105 narracj\u0119.\",\"breadcrumb\":{\"@id\":\"https:\\\/\\\/407artfoundation.org\\\/product\\\/umiarkowanie-temoperance-wojciech-ciesniewski\\\/#breadcrumb\"},\"inLanguage\":\"pl-PL\",\"potentialAction\":[{\"@type\":\"ReadAction\",\"target\":[\"https:\\\/\\\/407artfoundation.org\\\/product\\\/umiarkowanie-temoperance-wojciech-ciesniewski\\\/\"]}]},{\"@type\":\"ImageObject\",\"inLanguage\":\"pl-PL\",\"@id\":\"https:\\\/\\\/407artfoundation.org\\\/product\\\/umiarkowanie-temoperance-wojciech-ciesniewski\\\/#primaryimage\",\"url\":\"https:\\\/\\\/407artfoundation.org\\\/wp-content\\\/uploads\\\/2025\\\/06\\\/OUMIARZE.jpg\",\"contentUrl\":\"https:\\\/\\\/407artfoundation.org\\\/wp-content\\\/uploads\\\/2025\\\/06\\\/OUMIARZE.jpg\",\"width\":512,\"height\":1214,\"caption\":\"Umiar\"},{\"@type\":\"BreadcrumbList\",\"@id\":\"https:\\\/\\\/407artfoundation.org\\\/product\\\/umiarkowanie-temoperance-wojciech-ciesniewski\\\/#breadcrumb\",\"itemListElement\":[{\"@type\":\"ListItem\",\"position\":1,\"name\":\"Home\",\"item\":\"https:\\\/\\\/407artfoundation.org\\\/\"},{\"@type\":\"ListItem\",\"position\":2,\"name\":\"Shop\",\"item\":\"https:\\\/\\\/407artfoundation.org\\\/shop\\\/\"},{\"@type\":\"ListItem\",\"position\":3,\"name\":\"Wojciech Cie\u015bniewski &#8211; &#8220;Umiarkowanie&#8221; &#8211; 58.000 PLN\"}]},{\"@type\":\"WebSite\",\"@id\":\"https:\\\/\\\/407artfoundation.org\\\/#website\",\"url\":\"https:\\\/\\\/407artfoundation.org\\\/\",\"name\":\"407artfoundation.org\",\"description\":\"Promujemy polsk\u0105 sztuk\u0119 i kultur\u0119. \u0141\u0105czymy artyst\u00f3w z kolekcjonerami. Pomagamy budowa\u0107 warto\u015bciowe kolekcje sztuki. Organizujemy wyj\u0105tkowe wystawy w ramach cyklu &quot;Sztuka na Z\u0142otej44&quot;. Wspieramy inne organizacje i instytucje dzia\u0142aj\u0105ce na rzecz szerzenia kultury.\",\"potentialAction\":[{\"@type\":\"SearchAction\",\"target\":{\"@type\":\"EntryPoint\",\"urlTemplate\":\"https:\\\/\\\/407artfoundation.org\\\/?s={search_term_string}\"},\"query-input\":{\"@type\":\"PropertyValueSpecification\",\"valueRequired\":true,\"valueName\":\"search_term_string\"}}],\"inLanguage\":\"pl-PL\"}]}<\/script>\n<!-- \/ Yoast SEO plugin. -->","yoast_head_json":{"title":"Wojciech Cie\u015bniewski - \"Umiarkowanie\" - 58.000 PLN - 407artfoundation.org","description":"Obraz wchodz\u0105cy w sk\u0142ad wyj\u0105tkowej kolekcji nowego cyklu malarskiego \"Oblicza Duszy: Cnoty i Grzechy\". Wojciech Cie\u015bniewski przedstawia swoj\u0105 narracj\u0119.","robots":{"index":"index","follow":"follow","max-snippet":"max-snippet:-1","max-image-preview":"max-image-preview:large","max-video-preview":"max-video-preview:-1"},"canonical":"https:\/\/407artfoundation.org\/pl\/produkt\/umiarkowanie-temoperance-wojciech-ciesniewski\/","og_locale":"pl_PL","og_type":"article","og_title":"Wojciech Cie\u015bniewski - \"Umiarkowanie\" - 58.000 PLN - 407artfoundation.org","og_description":"Obraz wchodz\u0105cy w sk\u0142ad wyj\u0105tkowej kolekcji nowego cyklu malarskiego \"Oblicza Duszy: Cnoty i Grzechy\". Wojciech Cie\u015bniewski przedstawia swoj\u0105 narracj\u0119.","og_url":"https:\/\/407artfoundation.org\/pl\/produkt\/umiarkowanie-temoperance-wojciech-ciesniewski\/","og_site_name":"407artfoundation.org","article_modified_time":"2025-09-22T09:21:00+00:00","og_image":[{"width":512,"height":1214,"url":"http:\/\/407artfoundation.org\/wp-content\/uploads\/2025\/06\/OUMIARZE.jpg","type":"image\/jpeg"}],"twitter_card":"summary_large_image","twitter_misc":{"Szacowany czas czytania":"2 minuty"},"schema":{"@context":"https:\/\/schema.org","@graph":[{"@type":"WebPage","@id":"https:\/\/407artfoundation.org\/product\/umiarkowanie-temoperance-wojciech-ciesniewski\/","url":"https:\/\/407artfoundation.org\/product\/umiarkowanie-temoperance-wojciech-ciesniewski\/","name":"Wojciech Cie\u015bniewski - \"Umiarkowanie\" - 58.000 PLN - 407artfoundation.org","isPartOf":{"@id":"https:\/\/407artfoundation.org\/#website"},"primaryImageOfPage":{"@id":"https:\/\/407artfoundation.org\/product\/umiarkowanie-temoperance-wojciech-ciesniewski\/#primaryimage"},"image":{"@id":"https:\/\/407artfoundation.org\/product\/umiarkowanie-temoperance-wojciech-ciesniewski\/#primaryimage"},"thumbnailUrl":"https:\/\/407artfoundation.org\/wp-content\/uploads\/2025\/06\/OUMIARZE.jpg","datePublished":"2025-06-12T16:37:12+00:00","dateModified":"2025-09-22T09:21:00+00:00","description":"Obraz wchodz\u0105cy w sk\u0142ad wyj\u0105tkowej kolekcji nowego cyklu malarskiego \"Oblicza Duszy: Cnoty i Grzechy\". Wojciech Cie\u015bniewski przedstawia swoj\u0105 narracj\u0119.","breadcrumb":{"@id":"https:\/\/407artfoundation.org\/product\/umiarkowanie-temoperance-wojciech-ciesniewski\/#breadcrumb"},"inLanguage":"pl-PL","potentialAction":[{"@type":"ReadAction","target":["https:\/\/407artfoundation.org\/product\/umiarkowanie-temoperance-wojciech-ciesniewski\/"]}]},{"@type":"ImageObject","inLanguage":"pl-PL","@id":"https:\/\/407artfoundation.org\/product\/umiarkowanie-temoperance-wojciech-ciesniewski\/#primaryimage","url":"https:\/\/407artfoundation.org\/wp-content\/uploads\/2025\/06\/OUMIARZE.jpg","contentUrl":"https:\/\/407artfoundation.org\/wp-content\/uploads\/2025\/06\/OUMIARZE.jpg","width":512,"height":1214,"caption":"Umiar"},{"@type":"BreadcrumbList","@id":"https:\/\/407artfoundation.org\/product\/umiarkowanie-temoperance-wojciech-ciesniewski\/#breadcrumb","itemListElement":[{"@type":"ListItem","position":1,"name":"Home","item":"https:\/\/407artfoundation.org\/"},{"@type":"ListItem","position":2,"name":"Shop","item":"https:\/\/407artfoundation.org\/shop\/"},{"@type":"ListItem","position":3,"name":"Wojciech Cie\u015bniewski &#8211; &#8220;Umiarkowanie&#8221; &#8211; 58.000 PLN"}]},{"@type":"WebSite","@id":"https:\/\/407artfoundation.org\/#website","url":"https:\/\/407artfoundation.org\/","name":"407artfoundation.org","description":"Promujemy polsk\u0105 sztuk\u0119 i kultur\u0119. \u0141\u0105czymy artyst\u00f3w z kolekcjonerami. Pomagamy budowa\u0107 warto\u015bciowe kolekcje sztuki. Organizujemy wyj\u0105tkowe wystawy w ramach cyklu &quot;Sztuka na Z\u0142otej44&quot;. Wspieramy inne organizacje i instytucje dzia\u0142aj\u0105ce na rzecz szerzenia kultury.","potentialAction":[{"@type":"SearchAction","target":{"@type":"EntryPoint","urlTemplate":"https:\/\/407artfoundation.org\/?s={search_term_string}"},"query-input":{"@type":"PropertyValueSpecification","valueRequired":true,"valueName":"search_term_string"}}],"inLanguage":"pl-PL"}]}},"_links":{"self":[{"href":"https:\/\/407artfoundation.org\/pl\/wp-json\/wp\/v2\/product\/2609","targetHints":{"allow":["GET"]}}],"collection":[{"href":"https:\/\/407artfoundation.org\/pl\/wp-json\/wp\/v2\/product"}],"about":[{"href":"https:\/\/407artfoundation.org\/pl\/wp-json\/wp\/v2\/types\/product"}],"replies":[{"embeddable":true,"href":"https:\/\/407artfoundation.org\/pl\/wp-json\/wp\/v2\/comments?post=2609"}],"wp:featuredmedia":[{"embeddable":true,"href":"https:\/\/407artfoundation.org\/pl\/wp-json\/wp\/v2\/media\/2610"}],"wp:attachment":[{"href":"https:\/\/407artfoundation.org\/pl\/wp-json\/wp\/v2\/media?parent=2609"}],"wp:term":[{"taxonomy":"product_brand","embeddable":true,"href":"https:\/\/407artfoundation.org\/pl\/wp-json\/wp\/v2\/product_brand?post=2609"},{"taxonomy":"product_cat","embeddable":true,"href":"https:\/\/407artfoundation.org\/pl\/wp-json\/wp\/v2\/product_cat?post=2609"},{"taxonomy":"product_tag","embeddable":true,"href":"https:\/\/407artfoundation.org\/pl\/wp-json\/wp\/v2\/product_tag?post=2609"}],"curies":[{"name":"wp","href":"https:\/\/api.w.org\/{rel}","templated":true}]}}