{"id":2586,"date":"2025-06-12T16:47:52","date_gmt":"2025-06-12T14:47:52","guid":{"rendered":"https:\/\/407artfoundation.org\/?post_type=product&#038;p=2586"},"modified":"2025-12-04T16:35:53","modified_gmt":"2025-12-04T15:35:53","slug":"gniew-wrath-wojciech-ciesniewski","status":"publish","type":"product","link":"https:\/\/407artfoundation.org\/pl\/produkt\/gniew-wrath-wojciech-ciesniewski\/","title":{"rendered":"Wojciech Cie\u015bniewski &#8211; &#8220;Gniew &#8211; Wrath&#8221; &#8211; 90.000 PLN"},"content":{"rendered":"<div class=\"wp-playlist wp-audio-playlist wp-playlist-light\">\n\t\t\t<div class=\"wp-playlist-current-item\"><\/div>\n\t\t<audio controls=\"controls\" preload=\"none\" width=\"778\"\n\t\t\t><\/audio>\n\t<div class=\"wp-playlist-next\"><\/div>\n\t<div class=\"wp-playlist-prev\"><\/div>\n\t<noscript>\n\t<ol>\n\t\t<li><a href='https:\/\/407artfoundation.org\/wp-content\/uploads\/2025\/06\/Gniew-Ciesniewskiego.mp3'>HISTORIA OBRAZU Gniew Cie\u015bniewskiego<\/a><\/li>\t<\/ol>\n\t<\/noscript>\n\t<script type=\"application\/json\" class=\"wp-playlist-script\">{\"type\":\"audio\",\"tracklist\":true,\"tracknumbers\":true,\"images\":true,\"artists\":true,\"tracks\":[{\"src\":\"https:\/\/407artfoundation.org\/wp-content\/uploads\/2025\/06\/Gniew-Ciesniewskiego.mp3\",\"type\":\"audio\/mpeg\",\"title\":\"HISTORIA OBRAZU Gniew Cie\\u015bniewskiego\",\"caption\":\"Gniew Wojciech Cie\\u015bniewski\",\"description\":\"\\\"Gniew Cie\\u015bniewskiego\\\".\",\"meta\":{\"artist\":\"dr Gra\\u017cyna Bastek i Aron Pude\\u0142ko\",\"album\":\"Oblicza Duszy: Cnoty i Grzechy\\\"\",\"length_formatted\":\"1:56\"},\"image\":{\"src\":\"https:\/\/407artfoundation.org\/wp-includes\/images\/media\/audio.svg\",\"width\":48,\"height\":64},\"thumb\":{\"src\":\"https:\/\/407artfoundation.org\/wp-includes\/images\/media\/audio.svg\",\"width\":48,\"height\":64}}]}<\/script>\n<\/div>\n\t\n<p>Wojciech Cie\u015bniewski (1958)<\/p>\n<p>52 x 70 cm\u00a0 \/\u00a0 oil on canvas\u00a0 \/\u00a0 XVI century technique<\/p>\n<h3><\/h3>\n<h3>DISCOVER THE HISTORY BEHIND THIS ARTWORK &#8211;\u00a0<a href=\"https:\/\/407artfoundation.org\/pl\/produkt\/gniew-wrath-wojciech-ciesniewski\/\">LISTEN ON SPOTIFY<\/a><\/h3>\n<p data-start=\"42\" data-end=\"165\">Story by Dr Gra\u017cyna Bastek and Aron Pudelko, curators. Read the full transcript:<\/p>\n<p data-start=\"119\" data-end=\"638\">In <strong>Wojciech Cie\u015bniewski<\/strong>\u2019s paintings, the narrator isn\u2019t just the figure on the canvas. It\u2019s also the light, the texture, the way the paint is laid down, the intensity of the gesture. These are elements of his visual language, and they speak just as powerfully as the subject itself. In the painting titled &#8220;Wrath&#8221;, everything speaks. Every brushstroke. Every crack of shadow. Here, even the darkness has a voice. The artist doesn\u2019t just depict emotion\u2014he paints with emotion. He doesn\u2019t just show wrath; he paints through wrath.<\/p>\n<p data-start=\"640\" data-end=\"1044\">We recognize the iconic figure of the Renaissance preacher Girolamo Savonarola. But <strong>Wojciech Cie\u015bniewski<\/strong> severs the body and immerses it completely in blackness. There is no background, no escape, only anger. It lives in the eyes, in the folds of the face, in the crushing weight of shadow. Wrath is not just a facial expression here. It is a wave of darkness, a pain that festers inside and eventually spills out.<\/p>\n<p data-start=\"1046\" data-end=\"1404\">Wrath is a sorrow about something we cannot change. A silent, burning rot that breaks through the surface. And that is exactly what we see in this painting. Savonarola\u2019s face seems almost corrupted. His features scorched by the fire of his own emotion. But <strong>Wojciech Cie\u015bniewski<\/strong> doesn\u2019t judge. He invites us to ask: What is wrath? Can we understand it? Can we face it?<\/p>\n<p data-start=\"1406\" data-end=\"1739\">The painting &#8220;Wrath&#8221; isn\u2019t just a painting. It is a mirror for those struggling with their own past wounds, their hidden shadows, their trauma. The artist seems to whisper: these heavy emotions will only crush us unless we forgive. Only through forgiveness can we begin to fight for ourselves. And that is the true power of his work.<\/p>\n<p data-start=\"1741\" data-end=\"1915\">&#8220;Wrath&#8221; is the central piece of the exhibition &#8220;Faces of the Soul: Virtues and Vices&#8221;. It doesn\u2019t just hang on the wall. It moves you. It lingers. It asks you to look deeper.<\/p>\n","protected":false},"excerpt":{"rendered":"<h3>O cyklu malarskim<\/h3>\n<p>Wystawa<strong>\"Oblicza Duszy: Cnoty i Grzechy\"<\/strong>zainicjowana przez Fundacj\u0119 407 Art Foundation to pr\u00f3ba redefinicji poj\u0119\u0107 zakorzenionych w kulturze, kt\u00f3re przez wieki wyznacza\u0142y moralny kompas ludzko\u015bci. \n\nWojciech Cie\u015bniewski, podejmuje \u015bmia\u0142e wyzwanie: analizuje ewolucj\u0119 tych poj\u0119\u0107 w kontek\u015bcie wsp\u00f3\u0142czesnych zmian spo\u0142ecznych i kulturowych. \n\nCzy to, co dawniej postrzegano jako grzech, nie sta\u0142o si\u0119 dzi\u015b po prostu cech\u0105 osobowo\u015bci?<br \/>\nCzy cnoty, kt\u00f3re kiedy\u015b okre\u015bla\u0142y idea\u0142 cz\u0142owieka, maj\u0105 wci\u0105\u017c tak\u0105 sam\u0105 wag\u0119 w rzeczywisto\u015bci, gdzie wszystko ulega redefinicji?\t\n\nCie\u015bniewski nie daje \u0142atwych odpowiedzi. Zmusza widza do refleksji, stawia przed nim lustro, w kt\u00f3rym mo\u017ce dostrzec zar\u00f3wno siebie, jak i ca\u0142e spo\u0142ecze\u0144stwo. Jego prace balansuj\u0105 na granicy tego, co znane, i tego, co pod\u015bwiadomie odczuwane \u2013 s\u0105 emocjonalne, prowokacyjne i intelektualne.<\/p>\n<h3>Wojciech Cie\u015bniewski (1958)<\/h3>\n<p>Artysta malarz, profesor sztuki. \nUrodzi\u0142 si\u0119 w 1958 r. w Dzia\u0142dowie. Pocz\u0105tkowo fascynowa\u0142 si\u0119 matematyk\u0105 teoretyczn\u0105, kt\u00f3r\u0105 studiowa\u0142, uzyskuj\u0105c tytu\u0142 magistra w Wy\u017cszej Szkole Pedagogicznej w Olsztynie w 1984 roku. W trakcie studi\u00f3w odkry\u0142, \u017ce j\u0119zyk znak\u00f3w matematycznych nie pozwala mu wyra\u017ca\u0107 emocji.<\/p>\n<p>W 1983 roku rozpocz\u0105\u0142 studia na Wydziale Malarstwa Akademii Sztuk Pi\u0119knych w Warszawie. W 1988 roku uzyska\u0142 dyplom z wyr\u00f3\u017cnieniem w pracowni prof. Rajmunda Ziemskiego. Od 1990 roku jest pracownikiem tej uczelni. W latach 2005-2012 pe\u0142ni\u0142 funkcj\u0119 prodziekana Wydzia\u0142u Malarstwa. Obecnie prowadzi w\u0142asn\u0105 pracowni\u0119 dyplomuj\u0105c\u0105.<\/p>\n<p>Cie\u015bniewski jest jednym z wa\u017cniejszych polskich malarzy wsp\u00f3\u0142czesnych o du\u017cym dorobku artystycznym i intelektualnym. Przez pierwsze dwadzie\u015bcia lat w centrum jego tw\u00f3rczo\u015bci by\u0142o zagadnienie abstrakcji, bada\u0142 mo\u017cliwo\u015bci usamodzielnienia wymowy i dzia\u0142ania obraz\u00f3w. W kolejnych latach pracy wr\u00f3ci\u0142 do malarstwa figuratywnego. Podejmowa\u0142 dialog z tradycj\u0105 europejskiego malarstwa nowo\u017cytnego, nawi\u0105zuj\u0105c m.in. do tw\u00f3rczo\u015bci Caravaggia, Giotta, Micha\u0142a Anio\u0142a, Gian Lorenza Berniniego, Vermeera.<\/p>\n<p>Z czasem coraz cz\u0119\u015bciej zacz\u0105\u0142 dotyka\u0107 problem\u00f3w etycznych, szeroko poj\u0119tych zagadnie\u0144 dobra i z\u0142a w \u017cyciu cz\u0142owieka, jednocze\u015bnie badaj\u0105c funkcj\u0119 sztuki jako no\u015bnika dobra i pi\u0119kna. W swojej tw\u00f3rczo\u015bci cz\u0119sto si\u0119ga po w\u0105tki z Biblii, mitologii, ikonografii chrze\u015bcija\u0144skiej i historii.<\/p>\n<p>Wojciech Cie\u015bniewski jest laureatem wielu nagr\u00f3d i wyr\u00f3\u017cnie\u0144, m.in.: Special Merit Award 2nd Malaysia International Art  Miasta Dzia\u0142dowo (2012) oraz Medalu \u201eZas\u0142u\u017cony Kulturze Gloria Artis\u201d (2011). Jego tw\u00f3rczo\u015b\u0107 prezentowana by\u0142a na ponad 150 wystawach indywidualnych i zbiorowych, zar\u00f3wno w kraju, jak i zagranic\u0105.<\/p>","protected":false},"featured_media":2588,"comment_status":"open","ping_status":"closed","template":"","meta":{"give_campaign_id":0},"product_brand":[],"product_cat":[91],"product_tag":[163,166,167,165,164],"class_list":{"0":"post-2586","1":"product","2":"type-product","3":"status-publish","4":"has-post-thumbnail","6":"product_cat-oblicza-duszy","7":"product_tag-gniew","8":"product_tag-kolekcjasztuki","9":"product_tag-kolekcjonerzy","10":"product_tag-obraz","11":"product_tag-wojciechciesniewski","13":"first","14":"instock","15":"sold-individually","16":"shipping-taxable","17":"purchasable","18":"product-type-simple"},"yoast_head":"<!-- This site is optimized with the Yoast SEO plugin v27.5 - https:\/\/yoast.com\/product\/yoast-seo-wordpress\/ -->\n<title>Wojciech Cie\u015bniewski - &quot;Gniew - Wrath&quot; - 90.000 PLN - 407artfoundation.org<\/title>\n<meta name=\"description\" content=\"Obraz &quot;Gniew&quot; Wojciecha Cie\u015bniewskiego jest g\u0142\u00f3wnym obrazem wystawy &quot;Oblicza Duszy: Cnoty i Grzechy&quot;. Przedstawia g\u0142\u0119bok\u0105 interpretacj\u0119. Warto\u015b\u0107 muzealna.\" \/>\n<meta name=\"robots\" content=\"index, follow, max-snippet:-1, max-image-preview:large, max-video-preview:-1\" \/>\n<link rel=\"canonical\" href=\"https:\/\/407artfoundation.org\/pl\/produkt\/gniew-wrath-wojciech-ciesniewski\/\" \/>\n<meta property=\"og:locale\" content=\"pl_PL\" \/>\n<meta property=\"og:type\" content=\"article\" \/>\n<meta property=\"og:title\" content=\"Wojciech Cie\u015bniewski - &quot;Gniew - Wrath&quot; - 90.000 PLN - 407artfoundation.org\" \/>\n<meta property=\"og:description\" content=\"Obraz &quot;Gniew&quot; Wojciecha Cie\u015bniewskiego jest g\u0142\u00f3wnym obrazem wystawy &quot;Oblicza Duszy: Cnoty i Grzechy&quot;. Przedstawia g\u0142\u0119bok\u0105 interpretacj\u0119. Warto\u015b\u0107 muzealna.\" \/>\n<meta property=\"og:url\" content=\"https:\/\/407artfoundation.org\/pl\/produkt\/gniew-wrath-wojciech-ciesniewski\/\" \/>\n<meta property=\"og:site_name\" content=\"407artfoundation.org\" \/>\n<meta property=\"article:modified_time\" content=\"2025-12-04T15:35:53+00:00\" \/>\n<meta property=\"og:image\" content=\"http:\/\/407artfoundation.org\/wp-content\/uploads\/2025\/06\/Gniew.jpg\" \/>\n\t<meta property=\"og:image:width\" content=\"1800\" \/>\n\t<meta property=\"og:image:height\" content=\"1307\" \/>\n\t<meta property=\"og:image:type\" content=\"image\/jpeg\" \/>\n<meta name=\"twitter:card\" content=\"summary_large_image\" \/>\n<meta name=\"twitter:label1\" content=\"Szacowany czas czytania\" \/>\n\t<meta name=\"twitter:data1\" content=\"2 minuty\" \/>\n<script type=\"application\/ld+json\" class=\"yoast-schema-graph\">{\"@context\":\"https:\\\/\\\/schema.org\",\"@graph\":[{\"@type\":\"WebPage\",\"@id\":\"https:\\\/\\\/407artfoundation.org\\\/product\\\/gniew-wrath-wojciech-ciesniewski\\\/\",\"url\":\"https:\\\/\\\/407artfoundation.org\\\/product\\\/gniew-wrath-wojciech-ciesniewski\\\/\",\"name\":\"Wojciech Cie\u015bniewski - \\\"Gniew - Wrath\\\" - 90.000 PLN - 407artfoundation.org\",\"isPartOf\":{\"@id\":\"https:\\\/\\\/407artfoundation.org\\\/#website\"},\"primaryImageOfPage\":{\"@id\":\"https:\\\/\\\/407artfoundation.org\\\/product\\\/gniew-wrath-wojciech-ciesniewski\\\/#primaryimage\"},\"image\":{\"@id\":\"https:\\\/\\\/407artfoundation.org\\\/product\\\/gniew-wrath-wojciech-ciesniewski\\\/#primaryimage\"},\"thumbnailUrl\":\"https:\\\/\\\/407artfoundation.org\\\/wp-content\\\/uploads\\\/2025\\\/06\\\/Gniew.jpg\",\"datePublished\":\"2025-06-12T14:47:52+00:00\",\"dateModified\":\"2025-12-04T15:35:53+00:00\",\"description\":\"Obraz \\\"Gniew\\\" Wojciecha Cie\u015bniewskiego jest g\u0142\u00f3wnym obrazem wystawy \\\"Oblicza Duszy: Cnoty i Grzechy\\\". Przedstawia g\u0142\u0119bok\u0105 interpretacj\u0119. Warto\u015b\u0107 muzealna.\",\"breadcrumb\":{\"@id\":\"https:\\\/\\\/407artfoundation.org\\\/product\\\/gniew-wrath-wojciech-ciesniewski\\\/#breadcrumb\"},\"inLanguage\":\"pl-PL\",\"potentialAction\":[{\"@type\":\"ReadAction\",\"target\":[\"https:\\\/\\\/407artfoundation.org\\\/product\\\/gniew-wrath-wojciech-ciesniewski\\\/\"]}]},{\"@type\":\"ImageObject\",\"inLanguage\":\"pl-PL\",\"@id\":\"https:\\\/\\\/407artfoundation.org\\\/product\\\/gniew-wrath-wojciech-ciesniewski\\\/#primaryimage\",\"url\":\"https:\\\/\\\/407artfoundation.org\\\/wp-content\\\/uploads\\\/2025\\\/06\\\/Gniew.jpg\",\"contentUrl\":\"https:\\\/\\\/407artfoundation.org\\\/wp-content\\\/uploads\\\/2025\\\/06\\\/Gniew.jpg\",\"width\":1800,\"height\":1307,\"caption\":\"Gniew\"},{\"@type\":\"BreadcrumbList\",\"@id\":\"https:\\\/\\\/407artfoundation.org\\\/product\\\/gniew-wrath-wojciech-ciesniewski\\\/#breadcrumb\",\"itemListElement\":[{\"@type\":\"ListItem\",\"position\":1,\"name\":\"Home\",\"item\":\"https:\\\/\\\/407artfoundation.org\\\/\"},{\"@type\":\"ListItem\",\"position\":2,\"name\":\"Shop\",\"item\":\"https:\\\/\\\/407artfoundation.org\\\/shop\\\/\"},{\"@type\":\"ListItem\",\"position\":3,\"name\":\"Wojciech Cie\u015bniewski &#8211; &#8220;Gniew &#8211; Wrath&#8221; &#8211; 90.000 PLN\"}]},{\"@type\":\"WebSite\",\"@id\":\"https:\\\/\\\/407artfoundation.org\\\/#website\",\"url\":\"https:\\\/\\\/407artfoundation.org\\\/\",\"name\":\"407artfoundation.org\",\"description\":\"Promujemy polsk\u0105 sztuk\u0119 i kultur\u0119. \u0141\u0105czymy artyst\u00f3w z kolekcjonerami. Pomagamy budowa\u0107 warto\u015bciowe kolekcje sztuki. Organizujemy wyj\u0105tkowe wystawy w ramach cyklu &quot;Sztuka na Z\u0142otej44&quot;. Wspieramy inne organizacje i instytucje dzia\u0142aj\u0105ce na rzecz szerzenia kultury.\",\"potentialAction\":[{\"@type\":\"SearchAction\",\"target\":{\"@type\":\"EntryPoint\",\"urlTemplate\":\"https:\\\/\\\/407artfoundation.org\\\/?s={search_term_string}\"},\"query-input\":{\"@type\":\"PropertyValueSpecification\",\"valueRequired\":true,\"valueName\":\"search_term_string\"}}],\"inLanguage\":\"pl-PL\"}]}<\/script>\n<!-- \/ Yoast SEO plugin. -->","yoast_head_json":{"title":"Wojciech Cie\u015bniewski - \"Gniew - Wrath\" - 90.000 PLN - 407artfoundation.org","description":"Obraz \"Gniew\" Wojciecha Cie\u015bniewskiego jest g\u0142\u00f3wnym obrazem wystawy \"Oblicza Duszy: Cnoty i Grzechy\". Przedstawia g\u0142\u0119bok\u0105 interpretacj\u0119. Warto\u015b\u0107 muzealna.","robots":{"index":"index","follow":"follow","max-snippet":"max-snippet:-1","max-image-preview":"max-image-preview:large","max-video-preview":"max-video-preview:-1"},"canonical":"https:\/\/407artfoundation.org\/pl\/produkt\/gniew-wrath-wojciech-ciesniewski\/","og_locale":"pl_PL","og_type":"article","og_title":"Wojciech Cie\u015bniewski - \"Gniew - Wrath\" - 90.000 PLN - 407artfoundation.org","og_description":"Obraz \"Gniew\" Wojciecha Cie\u015bniewskiego jest g\u0142\u00f3wnym obrazem wystawy \"Oblicza Duszy: Cnoty i Grzechy\". Przedstawia g\u0142\u0119bok\u0105 interpretacj\u0119. Warto\u015b\u0107 muzealna.","og_url":"https:\/\/407artfoundation.org\/pl\/produkt\/gniew-wrath-wojciech-ciesniewski\/","og_site_name":"407artfoundation.org","article_modified_time":"2025-12-04T15:35:53+00:00","og_image":[{"width":1800,"height":1307,"url":"http:\/\/407artfoundation.org\/wp-content\/uploads\/2025\/06\/Gniew.jpg","type":"image\/jpeg"}],"twitter_card":"summary_large_image","twitter_misc":{"Szacowany czas czytania":"2 minuty"},"schema":{"@context":"https:\/\/schema.org","@graph":[{"@type":"WebPage","@id":"https:\/\/407artfoundation.org\/product\/gniew-wrath-wojciech-ciesniewski\/","url":"https:\/\/407artfoundation.org\/product\/gniew-wrath-wojciech-ciesniewski\/","name":"Wojciech Cie\u015bniewski - \"Gniew - Wrath\" - 90.000 PLN - 407artfoundation.org","isPartOf":{"@id":"https:\/\/407artfoundation.org\/#website"},"primaryImageOfPage":{"@id":"https:\/\/407artfoundation.org\/product\/gniew-wrath-wojciech-ciesniewski\/#primaryimage"},"image":{"@id":"https:\/\/407artfoundation.org\/product\/gniew-wrath-wojciech-ciesniewski\/#primaryimage"},"thumbnailUrl":"https:\/\/407artfoundation.org\/wp-content\/uploads\/2025\/06\/Gniew.jpg","datePublished":"2025-06-12T14:47:52+00:00","dateModified":"2025-12-04T15:35:53+00:00","description":"Obraz \"Gniew\" Wojciecha Cie\u015bniewskiego jest g\u0142\u00f3wnym obrazem wystawy \"Oblicza Duszy: Cnoty i Grzechy\". Przedstawia g\u0142\u0119bok\u0105 interpretacj\u0119. Warto\u015b\u0107 muzealna.","breadcrumb":{"@id":"https:\/\/407artfoundation.org\/product\/gniew-wrath-wojciech-ciesniewski\/#breadcrumb"},"inLanguage":"pl-PL","potentialAction":[{"@type":"ReadAction","target":["https:\/\/407artfoundation.org\/product\/gniew-wrath-wojciech-ciesniewski\/"]}]},{"@type":"ImageObject","inLanguage":"pl-PL","@id":"https:\/\/407artfoundation.org\/product\/gniew-wrath-wojciech-ciesniewski\/#primaryimage","url":"https:\/\/407artfoundation.org\/wp-content\/uploads\/2025\/06\/Gniew.jpg","contentUrl":"https:\/\/407artfoundation.org\/wp-content\/uploads\/2025\/06\/Gniew.jpg","width":1800,"height":1307,"caption":"Gniew"},{"@type":"BreadcrumbList","@id":"https:\/\/407artfoundation.org\/product\/gniew-wrath-wojciech-ciesniewski\/#breadcrumb","itemListElement":[{"@type":"ListItem","position":1,"name":"Home","item":"https:\/\/407artfoundation.org\/"},{"@type":"ListItem","position":2,"name":"Shop","item":"https:\/\/407artfoundation.org\/shop\/"},{"@type":"ListItem","position":3,"name":"Wojciech Cie\u015bniewski &#8211; &#8220;Gniew &#8211; Wrath&#8221; &#8211; 90.000 PLN"}]},{"@type":"WebSite","@id":"https:\/\/407artfoundation.org\/#website","url":"https:\/\/407artfoundation.org\/","name":"407artfoundation.org","description":"Promujemy polsk\u0105 sztuk\u0119 i kultur\u0119. \u0141\u0105czymy artyst\u00f3w z kolekcjonerami. Pomagamy budowa\u0107 warto\u015bciowe kolekcje sztuki. Organizujemy wyj\u0105tkowe wystawy w ramach cyklu &quot;Sztuka na Z\u0142otej44&quot;. Wspieramy inne organizacje i instytucje dzia\u0142aj\u0105ce na rzecz szerzenia kultury.","potentialAction":[{"@type":"SearchAction","target":{"@type":"EntryPoint","urlTemplate":"https:\/\/407artfoundation.org\/?s={search_term_string}"},"query-input":{"@type":"PropertyValueSpecification","valueRequired":true,"valueName":"search_term_string"}}],"inLanguage":"pl-PL"}]}},"_links":{"self":[{"href":"https:\/\/407artfoundation.org\/pl\/wp-json\/wp\/v2\/product\/2586","targetHints":{"allow":["GET"]}}],"collection":[{"href":"https:\/\/407artfoundation.org\/pl\/wp-json\/wp\/v2\/product"}],"about":[{"href":"https:\/\/407artfoundation.org\/pl\/wp-json\/wp\/v2\/types\/product"}],"replies":[{"embeddable":true,"href":"https:\/\/407artfoundation.org\/pl\/wp-json\/wp\/v2\/comments?post=2586"}],"wp:featuredmedia":[{"embeddable":true,"href":"https:\/\/407artfoundation.org\/pl\/wp-json\/wp\/v2\/media\/2588"}],"wp:attachment":[{"href":"https:\/\/407artfoundation.org\/pl\/wp-json\/wp\/v2\/media?parent=2586"}],"wp:term":[{"taxonomy":"product_brand","embeddable":true,"href":"https:\/\/407artfoundation.org\/pl\/wp-json\/wp\/v2\/product_brand?post=2586"},{"taxonomy":"product_cat","embeddable":true,"href":"https:\/\/407artfoundation.org\/pl\/wp-json\/wp\/v2\/product_cat?post=2586"},{"taxonomy":"product_tag","embeddable":true,"href":"https:\/\/407artfoundation.org\/pl\/wp-json\/wp\/v2\/product_tag?post=2586"}],"curies":[{"name":"wp","href":"https:\/\/api.w.org\/{rel}","templated":true}]}}